{"id":7697,"date":"2016-03-29T16:10:26","date_gmt":"2016-03-29T14:10:26","guid":{"rendered":"https:\/\/seka.gmbh\/einsatzbereiche\/"},"modified":"2024-02-05T18:51:09","modified_gmt":"2024-02-05T17:51:09","slug":"domaines-dapplication","status":"publish","type":"page","link":"https:\/\/seka.gmbh\/fr\/domaines-dapplication\/","title":{"rendered":"Domaines d&rsquo;application"},"content":{"rendered":"","protected":false},"excerpt":{"rendered":"","protected":false},"author":1,"featured_media":0,"parent":0,"menu_order":0,"comment_status":"closed","ping_status":"closed","template":"","meta":[],"yoast_head":"<!-- This site is optimized with the Yoast SEO plugin v16.3 - https:\/\/yoast.com\/wordpress\/plugins\/seo\/ -->\n<title>Domaines d&#039;application - SEKA<\/title>\n<meta name=\"description\" content=\"La ventilation protectrice des machines mobiles est une t\u00e2che extr\u00eamement diversifi\u00e9e pour laquelle il n&#039;existe pas de solution standard.\" \/>\n<meta name=\"robots\" content=\"index, follow, max-snippet:-1, max-image-preview:large, max-video-preview:-1\" \/>\n<link rel=\"canonical\" href=\"https:\/\/seka.gmbh\/fr\/domaines-dapplication\/\" \/>\n<meta property=\"og:locale\" content=\"fr_FR\" \/>\n<meta property=\"og:type\" content=\"article\" \/>\n<meta property=\"og:title\" content=\"Domaines d&#039;application - SEKA\" \/>\n<meta property=\"og:description\" content=\"La ventilation protectrice des machines mobiles est une t\u00e2che extr\u00eamement diversifi\u00e9e pour laquelle il n&#039;existe pas de solution standard.\" \/>\n<meta property=\"og:url\" content=\"https:\/\/seka.gmbh\/fr\/domaines-dapplication\/\" \/>\n<meta property=\"og:site_name\" content=\"SEKA\" \/>\n<meta property=\"article:modified_time\" content=\"2024-02-05T17:51:09+00:00\" \/>\n<meta name=\"twitter:card\" content=\"summary\" \/>\n<script type=\"application\/ld+json\" class=\"yoast-schema-graph\">{\"@context\":\"https:\/\/schema.org\",\"@graph\":[{\"@type\":\"WebSite\",\"@id\":\"https:\/\/seka.gmbh\/en\/#website\",\"url\":\"https:\/\/seka.gmbh\/en\/\",\"name\":\"SEKA\",\"description\":\"Schutzbel\\u00fcftung\",\"potentialAction\":[{\"@type\":\"SearchAction\",\"target\":\"https:\/\/seka.gmbh\/en\/?s={search_term_string}\",\"query-input\":\"required name=search_term_string\"}],\"inLanguage\":\"fr-FR\"},{\"@type\":\"WebPage\",\"@id\":\"https:\/\/seka.gmbh\/fr\/domaines-dapplication\/#webpage\",\"url\":\"https:\/\/seka.gmbh\/fr\/domaines-dapplication\/\",\"name\":\"Domaines d'application - SEKA\",\"isPartOf\":{\"@id\":\"https:\/\/seka.gmbh\/en\/#website\"},\"datePublished\":\"2016-03-29T14:10:26+00:00\",\"dateModified\":\"2024-02-05T17:51:09+00:00\",\"description\":\"La ventilation protectrice des machines mobiles est une t\\u00e2che extr\\u00eamement diversifi\\u00e9e pour laquelle il n'existe pas de solution standard.\",\"breadcrumb\":{\"@id\":\"https:\/\/seka.gmbh\/fr\/domaines-dapplication\/#breadcrumb\"},\"inLanguage\":\"fr-FR\",\"potentialAction\":[{\"@type\":\"ReadAction\",\"target\":[\"https:\/\/seka.gmbh\/fr\/domaines-dapplication\/\"]}]},{\"@type\":\"BreadcrumbList\",\"@id\":\"https:\/\/seka.gmbh\/fr\/domaines-dapplication\/#breadcrumb\",\"itemListElement\":[{\"@type\":\"ListItem\",\"position\":1,\"item\":{\"@type\":\"WebPage\",\"@id\":\"https:\/\/seka.gmbh\/fr\/\",\"url\":\"https:\/\/seka.gmbh\/fr\/\",\"name\":\"Home\"}},{\"@type\":\"ListItem\",\"position\":2,\"item\":{\"@id\":\"https:\/\/seka.gmbh\/fr\/domaines-dapplication\/#webpage\"}}]}]}<\/script>\n<!-- \/ Yoast SEO plugin. -->","_links":{"self":[{"href":"https:\/\/seka.gmbh\/fr\/wp-json\/wp\/v2\/pages\/7697"}],"collection":[{"href":"https:\/\/seka.gmbh\/fr\/wp-json\/wp\/v2\/pages"}],"about":[{"href":"https:\/\/seka.gmbh\/fr\/wp-json\/wp\/v2\/types\/page"}],"author":[{"embeddable":true,"href":"https:\/\/seka.gmbh\/fr\/wp-json\/wp\/v2\/users\/1"}],"replies":[{"embeddable":true,"href":"https:\/\/seka.gmbh\/fr\/wp-json\/wp\/v2\/comments?post=7697"}],"version-history":[{"count":2,"href":"https:\/\/seka.gmbh\/fr\/wp-json\/wp\/v2\/pages\/7697\/revisions"}],"predecessor-version":[{"id":7701,"href":"https:\/\/seka.gmbh\/fr\/wp-json\/wp\/v2\/pages\/7697\/revisions\/7701"}],"wp:attachment":[{"href":"https:\/\/seka.gmbh\/fr\/wp-json\/wp\/v2\/media?parent=7697"}],"curies":[{"name":"wp","href":"https:\/\/api.w.org\/{rel}","templated":true}]}}