{"id":7713,"date":"2016-03-29T16:43:16","date_gmt":"2016-03-29T14:43:16","guid":{"rendered":"https:\/\/seka.gmbh\/ventilation-protectrice\/umluftanlage\/"},"modified":"2024-02-05T19:12:23","modified_gmt":"2024-02-05T18:12:23","slug":"systeme-de-recyclage-de-lair","status":"publish","type":"page","link":"https:\/\/seka.gmbh\/fr\/produits\/ventilation-protectrice\/systeme-de-recyclage-de-lair\/","title":{"rendered":"Syst\u00e8me de recyclage de l&rsquo;air"},"content":{"rendered":"","protected":false},"excerpt":{"rendered":"","protected":false},"author":1,"featured_media":0,"parent":7703,"menu_order":2,"comment_status":"closed","ping_status":"closed","template":"","meta":[],"yoast_head":"<!-- This site is optimized with the Yoast SEO plugin v16.3 - https:\/\/yoast.com\/wordpress\/plugins\/seo\/ -->\n<title>Syst\u00e8me de recyclage de l&#039;air - SEKA<\/title>\n<meta name=\"description\" content=\"Le syst\u00e8me de ventilation protectrice veille de mani\u00e8re fiable \u00e0 ce que seul de l&#039;air respirable purifi\u00e9 p\u00e9n\u00e8tre \u00e0 l&#039;int\u00e9rieur de la cabine du conducteur.\" \/>\n<meta name=\"robots\" content=\"index, follow, max-snippet:-1, max-image-preview:large, max-video-preview:-1\" \/>\n<link rel=\"canonical\" href=\"https:\/\/seka.gmbh\/fr\/ventilation-protectrice\/systeme-de-recyclage-de-lair\/\" \/>\n<meta property=\"og:locale\" content=\"fr_FR\" \/>\n<meta property=\"og:type\" content=\"article\" \/>\n<meta property=\"og:title\" content=\"Syst\u00e8me de recyclage de l&#039;air - SEKA\" \/>\n<meta property=\"og:description\" content=\"Le syst\u00e8me de ventilation protectrice veille de mani\u00e8re fiable \u00e0 ce que seul de l&#039;air respirable purifi\u00e9 p\u00e9n\u00e8tre \u00e0 l&#039;int\u00e9rieur de la cabine du conducteur.\" \/>\n<meta property=\"og:url\" content=\"https:\/\/seka.gmbh\/fr\/ventilation-protectrice\/systeme-de-recyclage-de-lair\/\" \/>\n<meta property=\"og:site_name\" content=\"SEKA\" \/>\n<meta property=\"article:modified_time\" content=\"2024-02-05T18:12:23+00:00\" \/>\n<meta name=\"twitter:card\" content=\"summary\" \/>\n<script type=\"application\/ld+json\" class=\"yoast-schema-graph\">{\"@context\":\"https:\/\/schema.org\",\"@graph\":[{\"@type\":\"WebSite\",\"@id\":\"https:\/\/seka.gmbh\/en\/#website\",\"url\":\"https:\/\/seka.gmbh\/en\/\",\"name\":\"SEKA\",\"description\":\"Schutzbel\\u00fcftung\",\"potentialAction\":[{\"@type\":\"SearchAction\",\"target\":\"https:\/\/seka.gmbh\/en\/?s={search_term_string}\",\"query-input\":\"required name=search_term_string\"}],\"inLanguage\":\"fr-FR\"},{\"@type\":\"WebPage\",\"@id\":\"https:\/\/seka.gmbh\/fr\/ventilation-protectrice\/systeme-de-recyclage-de-lair\/#webpage\",\"url\":\"https:\/\/seka.gmbh\/fr\/ventilation-protectrice\/systeme-de-recyclage-de-lair\/\",\"name\":\"Syst\\u00e8me de recyclage de l'air - SEKA\",\"isPartOf\":{\"@id\":\"https:\/\/seka.gmbh\/en\/#website\"},\"datePublished\":\"2016-03-29T14:43:16+00:00\",\"dateModified\":\"2024-02-05T18:12:23+00:00\",\"description\":\"Le syst\\u00e8me de ventilation protectrice veille de mani\\u00e8re fiable \\u00e0 ce que seul de l'air respirable purifi\\u00e9 p\\u00e9n\\u00e8tre \\u00e0 l'int\\u00e9rieur de la cabine du conducteur.\",\"breadcrumb\":{\"@id\":\"https:\/\/seka.gmbh\/fr\/ventilation-protectrice\/systeme-de-recyclage-de-lair\/#breadcrumb\"},\"inLanguage\":\"fr-FR\",\"potentialAction\":[{\"@type\":\"ReadAction\",\"target\":[\"https:\/\/seka.gmbh\/fr\/ventilation-protectrice\/systeme-de-recyclage-de-lair\/\"]}]},{\"@type\":\"BreadcrumbList\",\"@id\":\"https:\/\/seka.gmbh\/fr\/ventilation-protectrice\/systeme-de-recyclage-de-lair\/#breadcrumb\",\"itemListElement\":[{\"@type\":\"ListItem\",\"position\":1,\"item\":{\"@type\":\"WebPage\",\"@id\":\"https:\/\/seka.gmbh\/fr\/\",\"url\":\"https:\/\/seka.gmbh\/fr\/\",\"name\":\"Home\"}},{\"@type\":\"ListItem\",\"position\":2,\"item\":{\"@type\":\"WebPage\",\"@id\":\"https:\/\/seka.gmbh\/fr\/ventilation-protectrice\/\",\"url\":\"https:\/\/seka.gmbh\/fr\/ventilation-protectrice\/\",\"name\":\"Ventilation protectrice\"}},{\"@type\":\"ListItem\",\"position\":3,\"item\":{\"@id\":\"https:\/\/seka.gmbh\/fr\/ventilation-protectrice\/systeme-de-recyclage-de-lair\/#webpage\"}}]}]}<\/script>\n<!-- \/ Yoast SEO plugin. -->","_links":{"self":[{"href":"https:\/\/seka.gmbh\/fr\/wp-json\/wp\/v2\/pages\/7713"}],"collection":[{"href":"https:\/\/seka.gmbh\/fr\/wp-json\/wp\/v2\/pages"}],"about":[{"href":"https:\/\/seka.gmbh\/fr\/wp-json\/wp\/v2\/types\/page"}],"author":[{"embeddable":true,"href":"https:\/\/seka.gmbh\/fr\/wp-json\/wp\/v2\/users\/1"}],"replies":[{"embeddable":true,"href":"https:\/\/seka.gmbh\/fr\/wp-json\/wp\/v2\/comments?post=7713"}],"version-history":[{"count":2,"href":"https:\/\/seka.gmbh\/fr\/wp-json\/wp\/v2\/pages\/7713\/revisions"}],"predecessor-version":[{"id":7715,"href":"https:\/\/seka.gmbh\/fr\/wp-json\/wp\/v2\/pages\/7713\/revisions\/7715"}],"up":[{"embeddable":true,"href":"https:\/\/seka.gmbh\/fr\/wp-json\/wp\/v2\/pages\/7703"}],"wp:attachment":[{"href":"https:\/\/seka.gmbh\/fr\/wp-json\/wp\/v2\/media?parent=7713"}],"curies":[{"name":"wp","href":"https:\/\/api.w.org\/{rel}","templated":true}]}}