{"id":7725,"date":"2016-03-29T16:41:46","date_gmt":"2016-03-29T14:41:46","guid":{"rendered":"https:\/\/seka.gmbh\/atemdruckluftanlage\/"},"modified":"2024-02-27T07:28:56","modified_gmt":"2024-02-27T06:28:56","slug":"systeme-dair-comprime-respirable","status":"publish","type":"page","link":"https:\/\/seka.gmbh\/fr\/produits\/systeme-dair-comprime-respirable\/","title":{"rendered":"Syst\u00e8me d&rsquo;air comprim\u00e9 respirable"},"content":{"rendered":"","protected":false},"excerpt":{"rendered":"","protected":false},"author":1,"featured_media":0,"parent":7959,"menu_order":2,"comment_status":"closed","ping_status":"closed","template":"","meta":[],"yoast_head":"<!-- This site is optimized with the Yoast SEO plugin v16.3 - https:\/\/yoast.com\/wordpress\/plugins\/seo\/ -->\n<title>Syst\u00e8me d&#039;air comprim\u00e9 respirable - SEKA<\/title>\n<meta name=\"description\" content=\"Les syst\u00e8mes d&#039;air comprim\u00e9 respirable de SEKA ne se caract\u00e9risent pas seulement par toute une s\u00e9rie de technologies brevet\u00e9es qui leur conf\u00e8rent une position unique sur le march\u00e9 europ\u00e9en.\" \/>\n<meta name=\"robots\" content=\"index, follow, max-snippet:-1, max-image-preview:large, max-video-preview:-1\" \/>\n<link rel=\"canonical\" href=\"https:\/\/seka.gmbh\/fr\/produits\/systeme-dair-comprime-respirable\/\" \/>\n<meta property=\"og:locale\" content=\"fr_FR\" \/>\n<meta property=\"og:type\" content=\"article\" \/>\n<meta property=\"og:title\" content=\"Syst\u00e8me d&#039;air comprim\u00e9 respirable - SEKA\" \/>\n<meta property=\"og:description\" content=\"Les syst\u00e8mes d&#039;air comprim\u00e9 respirable de SEKA ne se caract\u00e9risent pas seulement par toute une s\u00e9rie de technologies brevet\u00e9es qui leur conf\u00e8rent une position unique sur le march\u00e9 europ\u00e9en.\" \/>\n<meta property=\"og:url\" content=\"https:\/\/seka.gmbh\/fr\/produits\/systeme-dair-comprime-respirable\/\" \/>\n<meta property=\"og:site_name\" content=\"SEKA\" \/>\n<meta property=\"article:modified_time\" content=\"2024-02-27T06:28:56+00:00\" \/>\n<meta name=\"twitter:card\" content=\"summary\" \/>\n<script type=\"application\/ld+json\" class=\"yoast-schema-graph\">{\"@context\":\"https:\/\/schema.org\",\"@graph\":[{\"@type\":\"WebSite\",\"@id\":\"https:\/\/seka.gmbh\/en\/#website\",\"url\":\"https:\/\/seka.gmbh\/en\/\",\"name\":\"SEKA\",\"description\":\"Schutzbel\\u00fcftung\",\"potentialAction\":[{\"@type\":\"SearchAction\",\"target\":\"https:\/\/seka.gmbh\/en\/?s={search_term_string}\",\"query-input\":\"required name=search_term_string\"}],\"inLanguage\":\"fr-FR\"},{\"@type\":\"WebPage\",\"@id\":\"https:\/\/seka.gmbh\/fr\/produits\/systeme-dair-comprime-respirable\/#webpage\",\"url\":\"https:\/\/seka.gmbh\/fr\/produits\/systeme-dair-comprime-respirable\/\",\"name\":\"Syst\\u00e8me d'air comprim\\u00e9 respirable - SEKA\",\"isPartOf\":{\"@id\":\"https:\/\/seka.gmbh\/en\/#website\"},\"datePublished\":\"2016-03-29T14:41:46+00:00\",\"dateModified\":\"2024-02-27T06:28:56+00:00\",\"description\":\"Les syst\\u00e8mes d'air comprim\\u00e9 respirable de SEKA ne se caract\\u00e9risent pas seulement par toute une s\\u00e9rie de technologies brevet\\u00e9es qui leur conf\\u00e8rent une position unique sur le march\\u00e9 europ\\u00e9en.\",\"breadcrumb\":{\"@id\":\"https:\/\/seka.gmbh\/fr\/produits\/systeme-dair-comprime-respirable\/#breadcrumb\"},\"inLanguage\":\"fr-FR\",\"potentialAction\":[{\"@type\":\"ReadAction\",\"target\":[\"https:\/\/seka.gmbh\/fr\/produits\/systeme-dair-comprime-respirable\/\"]}]},{\"@type\":\"BreadcrumbList\",\"@id\":\"https:\/\/seka.gmbh\/fr\/produits\/systeme-dair-comprime-respirable\/#breadcrumb\",\"itemListElement\":[{\"@type\":\"ListItem\",\"position\":1,\"item\":{\"@type\":\"WebPage\",\"@id\":\"https:\/\/seka.gmbh\/fr\/\",\"url\":\"https:\/\/seka.gmbh\/fr\/\",\"name\":\"Home\"}},{\"@type\":\"ListItem\",\"position\":2,\"item\":{\"@type\":\"WebPage\",\"@id\":\"https:\/\/seka.gmbh\/fr\/produits\/\",\"url\":\"https:\/\/seka.gmbh\/fr\/produits\/\",\"name\":\"Produits\"}},{\"@type\":\"ListItem\",\"position\":3,\"item\":{\"@id\":\"https:\/\/seka.gmbh\/fr\/produits\/systeme-dair-comprime-respirable\/#webpage\"}}]}]}<\/script>\n<!-- \/ Yoast SEO plugin. -->","_links":{"self":[{"href":"https:\/\/seka.gmbh\/fr\/wp-json\/wp\/v2\/pages\/7725"}],"collection":[{"href":"https:\/\/seka.gmbh\/fr\/wp-json\/wp\/v2\/pages"}],"about":[{"href":"https:\/\/seka.gmbh\/fr\/wp-json\/wp\/v2\/types\/page"}],"author":[{"embeddable":true,"href":"https:\/\/seka.gmbh\/fr\/wp-json\/wp\/v2\/users\/1"}],"replies":[{"embeddable":true,"href":"https:\/\/seka.gmbh\/fr\/wp-json\/wp\/v2\/comments?post=7725"}],"version-history":[{"count":3,"href":"https:\/\/seka.gmbh\/fr\/wp-json\/wp\/v2\/pages\/7725\/revisions"}],"predecessor-version":[{"id":7919,"href":"https:\/\/seka.gmbh\/fr\/wp-json\/wp\/v2\/pages\/7725\/revisions\/7919"}],"up":[{"embeddable":true,"href":"https:\/\/seka.gmbh\/fr\/wp-json\/wp\/v2\/pages\/7959"}],"wp:attachment":[{"href":"https:\/\/seka.gmbh\/fr\/wp-json\/wp\/v2\/media?parent=7725"}],"curies":[{"name":"wp","href":"https:\/\/api.w.org\/{rel}","templated":true}]}}