{"id":7742,"date":"2016-03-29T16:47:47","date_gmt":"2016-03-29T14:47:47","guid":{"rendered":"https:\/\/seka.gmbh\/systeme-dair-comprime-respirable\/technologiesprung\/"},"modified":"2024-02-06T10:33:18","modified_gmt":"2024-02-06T09:33:18","slug":"avancee-technologique","status":"publish","type":"page","link":"https:\/\/seka.gmbh\/fr\/produits\/systeme-dair-comprime-respirable\/avancee-technologique\/","title":{"rendered":"avanc\u00e9e technologique"},"content":{"rendered":"","protected":false},"excerpt":{"rendered":"","protected":false},"author":1,"featured_media":0,"parent":7725,"menu_order":2,"comment_status":"closed","ping_status":"closed","template":"","meta":[],"yoast_head":"<!-- This site is optimized with the Yoast SEO plugin v16.3 - https:\/\/yoast.com\/wordpress\/plugins\/seo\/ -->\n<title>avanc\u00e9e technologique - SEKA<\/title>\n<meta name=\"description\" content=\"Derri\u00e8re les syst\u00e8mes d&#039;air comprim\u00e9 respirable SEKA pour engins de chantier se cache la longue exp\u00e9rience d&#039;un v\u00e9ritable sp\u00e9cialiste dans ce domaine.\" \/>\n<meta name=\"robots\" content=\"index, follow, max-snippet:-1, max-image-preview:large, max-video-preview:-1\" \/>\n<link rel=\"canonical\" href=\"https:\/\/seka.gmbh\/fr\/produits\/systeme-dair-comprime-respirable\/avancee-technologique\/\" \/>\n<meta property=\"og:locale\" content=\"fr_FR\" \/>\n<meta property=\"og:type\" content=\"article\" \/>\n<meta property=\"og:title\" content=\"avanc\u00e9e technologique - SEKA\" \/>\n<meta property=\"og:description\" content=\"Derri\u00e8re les syst\u00e8mes d&#039;air comprim\u00e9 respirable SEKA pour engins de chantier se cache la longue exp\u00e9rience d&#039;un v\u00e9ritable sp\u00e9cialiste dans ce domaine.\" \/>\n<meta property=\"og:url\" content=\"https:\/\/seka.gmbh\/fr\/produits\/systeme-dair-comprime-respirable\/avancee-technologique\/\" \/>\n<meta property=\"og:site_name\" content=\"SEKA\" \/>\n<meta property=\"article:modified_time\" content=\"2024-02-06T09:33:18+00:00\" \/>\n<meta name=\"twitter:card\" content=\"summary\" \/>\n<script type=\"application\/ld+json\" class=\"yoast-schema-graph\">{\"@context\":\"https:\/\/schema.org\",\"@graph\":[{\"@type\":\"WebSite\",\"@id\":\"https:\/\/seka.gmbh\/en\/#website\",\"url\":\"https:\/\/seka.gmbh\/en\/\",\"name\":\"SEKA\",\"description\":\"Schutzbel\\u00fcftung\",\"potentialAction\":[{\"@type\":\"SearchAction\",\"target\":\"https:\/\/seka.gmbh\/en\/?s={search_term_string}\",\"query-input\":\"required name=search_term_string\"}],\"inLanguage\":\"fr-FR\"},{\"@type\":\"WebPage\",\"@id\":\"https:\/\/seka.gmbh\/fr\/produits\/systeme-dair-comprime-respirable\/avancee-technologique\/#webpage\",\"url\":\"https:\/\/seka.gmbh\/fr\/produits\/systeme-dair-comprime-respirable\/avancee-technologique\/\",\"name\":\"avanc\\u00e9e technologique - SEKA\",\"isPartOf\":{\"@id\":\"https:\/\/seka.gmbh\/en\/#website\"},\"datePublished\":\"2016-03-29T14:47:47+00:00\",\"dateModified\":\"2024-02-06T09:33:18+00:00\",\"description\":\"Derri\\u00e8re les syst\\u00e8mes d'air comprim\\u00e9 respirable SEKA pour engins de chantier se cache la longue exp\\u00e9rience d'un v\\u00e9ritable sp\\u00e9cialiste dans ce domaine.\",\"breadcrumb\":{\"@id\":\"https:\/\/seka.gmbh\/fr\/produits\/systeme-dair-comprime-respirable\/avancee-technologique\/#breadcrumb\"},\"inLanguage\":\"fr-FR\",\"potentialAction\":[{\"@type\":\"ReadAction\",\"target\":[\"https:\/\/seka.gmbh\/fr\/produits\/systeme-dair-comprime-respirable\/avancee-technologique\/\"]}]},{\"@type\":\"BreadcrumbList\",\"@id\":\"https:\/\/seka.gmbh\/fr\/produits\/systeme-dair-comprime-respirable\/avancee-technologique\/#breadcrumb\",\"itemListElement\":[{\"@type\":\"ListItem\",\"position\":1,\"item\":{\"@type\":\"WebPage\",\"@id\":\"https:\/\/seka.gmbh\/fr\/\",\"url\":\"https:\/\/seka.gmbh\/fr\/\",\"name\":\"Home\"}},{\"@type\":\"ListItem\",\"position\":2,\"item\":{\"@type\":\"WebPage\",\"@id\":\"https:\/\/seka.gmbh\/fr\/produits\/\",\"url\":\"https:\/\/seka.gmbh\/fr\/produits\/\",\"name\":\"Produits\"}},{\"@type\":\"ListItem\",\"position\":3,\"item\":{\"@type\":\"WebPage\",\"@id\":\"https:\/\/seka.gmbh\/fr\/produits\/systeme-dair-comprime-respirable\/\",\"url\":\"https:\/\/seka.gmbh\/fr\/produits\/systeme-dair-comprime-respirable\/\",\"name\":\"Syst\\u00e8me d&#8217;air comprim\\u00e9 respirable\"}},{\"@type\":\"ListItem\",\"position\":4,\"item\":{\"@id\":\"https:\/\/seka.gmbh\/fr\/produits\/systeme-dair-comprime-respirable\/avancee-technologique\/#webpage\"}}]}]}<\/script>\n<!-- \/ Yoast SEO plugin. -->","_links":{"self":[{"href":"https:\/\/seka.gmbh\/fr\/wp-json\/wp\/v2\/pages\/7742"}],"collection":[{"href":"https:\/\/seka.gmbh\/fr\/wp-json\/wp\/v2\/pages"}],"about":[{"href":"https:\/\/seka.gmbh\/fr\/wp-json\/wp\/v2\/types\/page"}],"author":[{"embeddable":true,"href":"https:\/\/seka.gmbh\/fr\/wp-json\/wp\/v2\/users\/1"}],"replies":[{"embeddable":true,"href":"https:\/\/seka.gmbh\/fr\/wp-json\/wp\/v2\/comments?post=7742"}],"version-history":[{"count":2,"href":"https:\/\/seka.gmbh\/fr\/wp-json\/wp\/v2\/pages\/7742\/revisions"}],"predecessor-version":[{"id":7744,"href":"https:\/\/seka.gmbh\/fr\/wp-json\/wp\/v2\/pages\/7742\/revisions\/7744"}],"up":[{"embeddable":true,"href":"https:\/\/seka.gmbh\/fr\/wp-json\/wp\/v2\/pages\/7725"}],"wp:attachment":[{"href":"https:\/\/seka.gmbh\/fr\/wp-json\/wp\/v2\/media?parent=7742"}],"curies":[{"name":"wp","href":"https:\/\/api.w.org\/{rel}","templated":true}]}}