{"id":7959,"date":"2016-03-29T16:10:12","date_gmt":"2016-03-29T14:10:12","guid":{"rendered":"https:\/\/seka.gmbh\/produkte\/"},"modified":"2024-02-27T07:08:04","modified_gmt":"2024-02-27T06:08:04","slug":"produits","status":"publish","type":"page","link":"https:\/\/seka.gmbh\/fr\/produits\/","title":{"rendered":"Produits"},"content":{"rendered":"","protected":false},"excerpt":{"rendered":"","protected":false},"author":1,"featured_media":0,"parent":0,"menu_order":0,"comment_status":"closed","ping_status":"closed","template":"","meta":[],"yoast_head":"<!-- This site is optimized with the Yoast SEO plugin v16.3 - https:\/\/yoast.com\/wordpress\/plugins\/seo\/ -->\n<title>Produits - SEKA<\/title>\n<meta name=\"description\" content=\"Les produits de SEKA se divisent en trois domaines : les syst\u00e8mes de ventilation de protection, les syst\u00e8mes d&#039;air comprim\u00e9 respiratoire et les syst\u00e8mes de d\u00e9poussi\u00e9rage.\" \/>\n<meta name=\"robots\" content=\"index, follow, max-snippet:-1, max-image-preview:large, max-video-preview:-1\" \/>\n<link rel=\"canonical\" href=\"https:\/\/seka.gmbh\/fr\/produits\/\" \/>\n<meta property=\"og:locale\" content=\"fr_FR\" \/>\n<meta property=\"og:type\" content=\"article\" \/>\n<meta property=\"og:title\" content=\"Produits - SEKA\" \/>\n<meta property=\"og:description\" content=\"Les produits de SEKA se divisent en trois domaines : les syst\u00e8mes de ventilation de protection, les syst\u00e8mes d&#039;air comprim\u00e9 respiratoire et les syst\u00e8mes de d\u00e9poussi\u00e9rage.\" \/>\n<meta property=\"og:url\" content=\"https:\/\/seka.gmbh\/fr\/produits\/\" \/>\n<meta property=\"og:site_name\" content=\"SEKA\" \/>\n<meta property=\"article:modified_time\" content=\"2024-02-27T06:08:04+00:00\" \/>\n<meta name=\"twitter:card\" content=\"summary\" \/>\n<script type=\"application\/ld+json\" class=\"yoast-schema-graph\">{\"@context\":\"https:\/\/schema.org\",\"@graph\":[{\"@type\":\"WebSite\",\"@id\":\"https:\/\/seka.gmbh\/en\/#website\",\"url\":\"https:\/\/seka.gmbh\/en\/\",\"name\":\"SEKA\",\"description\":\"Schutzbel\\u00fcftung\",\"potentialAction\":[{\"@type\":\"SearchAction\",\"target\":\"https:\/\/seka.gmbh\/en\/?s={search_term_string}\",\"query-input\":\"required name=search_term_string\"}],\"inLanguage\":\"fr-FR\"},{\"@type\":\"WebPage\",\"@id\":\"https:\/\/seka.gmbh\/fr\/produits\/#webpage\",\"url\":\"https:\/\/seka.gmbh\/fr\/produits\/\",\"name\":\"Produits - SEKA\",\"isPartOf\":{\"@id\":\"https:\/\/seka.gmbh\/en\/#website\"},\"datePublished\":\"2016-03-29T14:10:12+00:00\",\"dateModified\":\"2024-02-27T06:08:04+00:00\",\"description\":\"Les produits de SEKA se divisent en trois domaines : les syst\\u00e8mes de ventilation de protection, les syst\\u00e8mes d'air comprim\\u00e9 respiratoire et les syst\\u00e8mes de d\\u00e9poussi\\u00e9rage.\",\"breadcrumb\":{\"@id\":\"https:\/\/seka.gmbh\/fr\/produits\/#breadcrumb\"},\"inLanguage\":\"fr-FR\",\"potentialAction\":[{\"@type\":\"ReadAction\",\"target\":[\"https:\/\/seka.gmbh\/fr\/produits\/\"]}]},{\"@type\":\"BreadcrumbList\",\"@id\":\"https:\/\/seka.gmbh\/fr\/produits\/#breadcrumb\",\"itemListElement\":[{\"@type\":\"ListItem\",\"position\":1,\"item\":{\"@type\":\"WebPage\",\"@id\":\"https:\/\/seka.gmbh\/fr\/\",\"url\":\"https:\/\/seka.gmbh\/fr\/\",\"name\":\"Home\"}},{\"@type\":\"ListItem\",\"position\":2,\"item\":{\"@id\":\"https:\/\/seka.gmbh\/fr\/produits\/#webpage\"}}]}]}<\/script>\n<!-- \/ Yoast SEO plugin. -->","_links":{"self":[{"href":"https:\/\/seka.gmbh\/fr\/wp-json\/wp\/v2\/pages\/7959"}],"collection":[{"href":"https:\/\/seka.gmbh\/fr\/wp-json\/wp\/v2\/pages"}],"about":[{"href":"https:\/\/seka.gmbh\/fr\/wp-json\/wp\/v2\/types\/page"}],"author":[{"embeddable":true,"href":"https:\/\/seka.gmbh\/fr\/wp-json\/wp\/v2\/users\/1"}],"replies":[{"embeddable":true,"href":"https:\/\/seka.gmbh\/fr\/wp-json\/wp\/v2\/comments?post=7959"}],"version-history":[{"count":3,"href":"https:\/\/seka.gmbh\/fr\/wp-json\/wp\/v2\/pages\/7959\/revisions"}],"predecessor-version":[{"id":7988,"href":"https:\/\/seka.gmbh\/fr\/wp-json\/wp\/v2\/pages\/7959\/revisions\/7988"}],"wp:attachment":[{"href":"https:\/\/seka.gmbh\/fr\/wp-json\/wp\/v2\/media?parent=7959"}],"curies":[{"name":"wp","href":"https:\/\/api.w.org\/{rel}","templated":true}]}}